{"id":1084,"date":"2020-07-28T10:13:30","date_gmt":"2020-07-28T08:13:30","guid":{"rendered":"http:\/\/app-talblick.it\/scoprire-dintorni\/"},"modified":"2024-12-13T15:59:49","modified_gmt":"2024-12-13T14:59:49","slug":"scoprire-dintorni","status":"publish","type":"page","link":"https:\/\/app-talblick.it\/it\/scoprire-dintorni\/","title":{"rendered":"Scoprire <span>Dintorni<\/span>"},"content":{"rendered":"<p>[et_pb_section fb_built=&#8221;1&#8243; fullwidth=&#8221;on&#8221; _builder_version=&#8221;4.16&#8243; background_color=&#8221;rgba(0,0,0,0)&#8221; max_width=&#8221;2200px&#8221; module_alignment=&#8221;center&#8221; global_colors_info=&#8221;{}&#8221;][et_pb_fullwidth_slider _builder_version=&#8221;4.23.4&#8243; height=&#8221;50vw&#8221; height_tablet=&#8221;50vw&#8221; height_phone=&#8221;130vw&#8221; height_last_edited=&#8221;on|phone&#8221; custom_margin=&#8221;|2vw||2vw|false|false&#8221; custom_padding=&#8221;||||false|false&#8221; global_colors_info=&#8221;{}&#8221;][et_pb_slide _builder_version=&#8221;4.23.4&#8243; header_level=&#8221;h1&#8243; header_text_color=&#8221;#cf989e&#8221; header_font_size=&#8221;100px&#8221; background_image=&#8221;https:\/\/app-talblick.it\/wp-content\/uploads\/2020\/07\/shutterstock_1699222864.jpg&#8221; background_enable_image=&#8221;on&#8221; parallax=&#8221;on&#8221; parallax_method=&#8221;off&#8221; custom_padding=&#8221;0px||350vw||false|false&#8221; custom_padding_tablet=&#8221;&#8221; custom_padding_phone=&#8221;0px||50vw||false|false&#8221; custom_padding_last_edited=&#8221;on|phone&#8221; global_colors_info=&#8221;{}&#8221; sticky_transition=&#8221;on&#8221;]<\/p>\n<h1>Non c&#8217;\u00e8 nulla di cos\u00ec piccolo e insignificante ,<br \/>\nche non possa entusiasmare.<\/h1>\n<p><em>Friedrich H\u00f6lderlin<\/em><\/p>\n<p>&nbsp;<\/p>\n<p>&nbsp;<\/p>\n<p>[\/et_pb_slide][\/et_pb_fullwidth_slider][\/et_pb_section][et_pb_section fb_built=&#8221;1&#8243; admin_label=&#8221;section&#8221; _builder_version=&#8221;4.16&#8243; background_color=&#8221;rgba(0,0,0,0)&#8221; global_colors_info=&#8221;{}&#8221;][et_pb_row _builder_version=&#8221;4.16&#8243; global_colors_info=&#8221;{}&#8221;][et_pb_column type=&#8221;4_4&#8243; _builder_version=&#8221;4.16&#8243; global_colors_info=&#8221;{}&#8221;][et_pb_image src=&#8221;https:\/\/app-talblick.it\/wp-content\/uploads\/2024\/02\/Skiworld-Ahrntal-Free.png&#8221; title_text=&#8221;Skiworld-Ahrntal-Free&#8221; _builder_version=&#8221;4.24.0&#8243; _module_preset=&#8221;default&#8221; width=&#8221;16%&#8221; width_tablet=&#8221;28%&#8221; width_phone=&#8221;34%&#8221; width_last_edited=&#8221;on|phone&#8221; custom_margin=&#8221;-36vw||24vw||false|false&#8221; custom_margin_tablet=&#8221;-25vw||||false|false&#8221; custom_margin_phone=&#8221;-38vw||||false|false&#8221; custom_margin_last_edited=&#8221;on|tablet&#8221; global_module=&#8221;2066&#8243; saved_tabs=&#8221;all&#8221; global_colors_info=&#8221;{}&#8221;][\/et_pb_image][et_pb_text admin_label=&#8221;Text&#8221; _builder_version=&#8221;4.23.4&#8243; header_2_text_align=&#8221;center&#8221; background_size=&#8221;initial&#8221; background_position=&#8221;top_left&#8221; background_repeat=&#8221;repeat&#8221; header_2_text_align_tablet=&#8221;left&#8221; header_2_text_align_phone=&#8221;left&#8221; header_2_text_align_last_edited=&#8221;on|phone&#8221; header_2_font_size_tablet=&#8221;35px&#8221; header_2_font_size_phone=&#8221;35px&#8221; header_2_font_size_last_edited=&#8221;on|phone&#8221; global_colors_info=&#8221;{}&#8221;]<\/p>\n<h2 style=\"text-align: left;\">Highlight<\/h2>\n<p>[\/et_pb_text][\/et_pb_column][\/et_pb_row][et_pb_row column_structure=&#8221;1_5,1_5,1_5,1_5,1_5&#8243; admin_label=&#8221;row&#8221; _builder_version=&#8221;4.16&#8243; background_size=&#8221;initial&#8221; background_position=&#8221;top_left&#8221; background_repeat=&#8221;repeat&#8221; global_colors_info=&#8221;{}&#8221;][et_pb_column type=&#8221;1_5&#8243; _builder_version=&#8221;4.16&#8243; custom_padding=&#8221;|||&#8221; global_colors_info=&#8221;{}&#8221; custom_padding__hover=&#8221;|||&#8221;][et_pb_blurb title=&#8221;Ciclismo&#8221; image=&#8221;http:\/\/app-talblick.it\/wp-content\/uploads\/2020\/07\/shutterstock_343994531.jpg&#8221; _builder_version=&#8221;4.23.4&#8243; header_level=&#8221;h1&#8243; header_text_align=&#8221;left&#8221; link_option_url=&#8221;https:\/\/www.sentres.com\/it\/valli-di-tures-e-aurina\/bici&#8221; link_option_url_new_window=&#8221;on&#8221; border_radii_image=&#8221;on|20px|20px|20px|20px&#8221; global_colors_info=&#8221;{}&#8221;]<\/p>\n<p style=\"text-align: left;\">I nostri dintorni hanno molto da offrire, quindi prendi la tua bicicletta e parti per un viaggio di scoperta.<\/p>\n<p>[\/et_pb_blurb][\/et_pb_column][et_pb_column type=&#8221;1_5&#8243; _builder_version=&#8221;4.16&#8243; custom_padding=&#8221;|||&#8221; global_colors_info=&#8221;{}&#8221; custom_padding__hover=&#8221;|||&#8221;][et_pb_blurb title=&#8221;Escursioni&#8221; image=&#8221;http:\/\/app-talblick.it\/wp-content\/uploads\/2020\/06\/Sonnenaufgang-Hinterbegkofel_Anna-Notdurfter-13.jpg&#8221; _builder_version=&#8221;4.23.4&#8243; header_level=&#8221;h1&#8243; header_text_align=&#8221;left&#8221; link_option_url=&#8221;https:\/\/www.sentres.com\/it\/escursioni\/sentiero-del-sole-sunnsat&#8221; link_option_url_new_window=&#8221;on&#8221; border_radii_image=&#8221;on|20px|20px|20px|20px&#8221; global_colors_info=&#8221;{}&#8221;]<\/p>\n<p style=\"text-align: left;\">Scopri la Valle dell\u2019Aurina, scopri l&#8217;Alto Adige!<\/p>\n<p style=\"text-align: left;\">L\u2019appart-chalet offre la vista sulla Valle si trova direttamente sul sentiero del sole della Valle Aurina \u201eSunnsat\u201c<br \/>\n\u2192 <a href=\"https:\/\/www.youtube.com\/watch?v=tOkyMtYXBQY\">al video<\/a><\/p>\n<p>[\/et_pb_blurb][\/et_pb_column][et_pb_column type=&#8221;1_5&#8243; _builder_version=&#8221;4.16&#8243; custom_padding=&#8221;|||&#8221; global_colors_info=&#8221;{}&#8221; custom_padding__hover=&#8221;|||&#8221;][et_pb_blurb title=&#8221;Rafting&#8221; image=&#8221;http:\/\/app-talblick.it\/wp-content\/uploads\/2020\/07\/shutterstock_282738062.jpg&#8221; _builder_version=&#8221;4.23.4&#8243; header_level=&#8221;h1&#8243; header_text_align=&#8221;left&#8221; link_option_url=&#8221;https:\/\/www.rafting-club-activ.com\/index.php?lang=it&#8221; link_option_url_new_window=&#8221;on&#8221; border_radii_image=&#8221;on|20px|20px|20px|20px&#8221; global_colors_info=&#8221;{}&#8221;]<\/p>\n<p style=\"text-align: left;\">Esci dalla vita quotidiana, entra nell\u2019avventura!<\/p>\n<p style=\"text-align: left;\">Rafting, kayak, canyoning e molto altro ancora&#8230;<\/p>\n<p>[\/et_pb_blurb][\/et_pb_column][et_pb_column type=&#8221;1_5&#8243; _builder_version=&#8221;4.16&#8243; custom_padding=&#8221;|||&#8221; global_colors_info=&#8221;{}&#8221; custom_padding__hover=&#8221;|||&#8221;][et_pb_blurb title=&#8221;Fly-line&#8221; image=&#8221;http:\/\/app-talblick.it\/wp-content\/uploads\/2020\/07\/sehenswuerdigkeiten-flyline-sand-in-taufers.jpg&#8221; _builder_version=&#8221;4.23.4&#8243; header_level=&#8221;h1&#8243; header_text_align=&#8221;left&#8221; link_option_url=&#8221;https:\/\/www.fly-line-wasserfall.eu\/italiano-1\/&#8221; link_option_url_new_window=&#8221;on&#8221; border_radii_image=&#8221;on|20px|20px|20px|20px&#8221; global_colors_info=&#8221;{}&#8221;]<\/p>\n<p style=\"text-align: left;\">Fly-Line alle cascate &#8211;<br \/>\ndivertimento per tutta la famiglia.<\/p>\n<p>[\/et_pb_blurb][\/et_pb_column][et_pb_column type=&#8221;1_5&#8243; _builder_version=&#8221;4.16&#8243; custom_padding=&#8221;|||&#8221; global_colors_info=&#8221;{}&#8221; custom_padding__hover=&#8221;|||&#8221;][et_pb_blurb title=&#8221;Skiworld Valle Aurina&#8221; image=&#8221;http:\/\/app-talblick.it\/wp-content\/uploads\/2020\/07\/Skiworld.jpg&#8221; _builder_version=&#8221;4.23.4&#8243; header_level=&#8221;h1&#8243; header_text_align=&#8221;left&#8221; link_option_url=&#8221;https:\/\/www.skiworldahrntal.it\/it&#8221; link_option_url_new_window=&#8221;on&#8221; border_radii_image=&#8221;on|20px|20px|20px|20px&#8221; global_colors_info=&#8221;{}&#8221;]<\/p>\n<p style=\"text-align: left;\">Sia in inverno che in estate, le aree sciistiche ed escursionistiche <strong>Speikboden<\/strong> a Campo Tures e <strong>Klausberg<\/strong> a Cadipietra offrono tutto ci\u00f2 che il vostro cuore desidera.<\/p>\n<p>[\/et_pb_blurb][\/et_pb_column][\/et_pb_row][\/et_pb_section][et_pb_section fb_built=&#8221;1&#8243; admin_label=&#8221;section&#8221; _builder_version=&#8221;4.23.4&#8243; background_color=&#8221;#FFFFFF&#8221; use_background_color_gradient=&#8221;on&#8221; background_color_gradient_stops=&#8221;rgba(225,218,214,0.5) 0%|rgba(225,218,214,0.5) 99%&#8221; custom_margin=&#8221;||||false|false&#8221; custom_padding=&#8221;100px||100px||false|false&#8221; top_divider_style=&#8221;asymmetric2&#8243; top_divider_color=&#8221;#E1DAD6&#8243; bottom_divider_style=&#8221;asymmetric2&#8243; bottom_divider_color=&#8221;#E1DAD6&#8243; bottom_divider_flip=&#8221;horizontal&#8221; global_module=&#8221;2801&#8243; saved_tabs=&#8221;all&#8221; global_colors_info=&#8221;{}&#8221;][et_pb_row _builder_version=&#8221;4.16&#8243; global_colors_info=&#8221;{}&#8221;][et_pb_column type=&#8221;4_4&#8243; _builder_version=&#8221;4.16&#8243; global_colors_info=&#8221;{}&#8221;][et_pb_text _builder_version=&#8221;4.23.4&#8243; header_2_text_align=&#8221;center&#8221; header_2_text_align_tablet=&#8221;center&#8221; header_2_text_align_phone=&#8221;left&#8221; header_2_text_align_last_edited=&#8221;on|phone&#8221; header_2_font_size_tablet=&#8221;38px&#8221; header_2_font_size_phone=&#8221;&#8221; header_2_font_size_last_edited=&#8221;on|phone&#8221; global_colors_info=&#8221;{}&#8221;]<\/p>\n<h2 style=\"text-align: left;\">Servizi inclusi<\/h2>\n<p>[\/et_pb_text][\/et_pb_column][\/et_pb_row][et_pb_row column_structure=&#8221;1_6,1_6,1_6,1_6,1_6,1_6&#8243; use_custom_gutter=&#8221;on&#8221; gutter_width=&#8221;2&#8243; _builder_version=&#8221;4.23.1&#8243; global_colors_info=&#8221;{}&#8221;][et_pb_column type=&#8221;1_6&#8243; _builder_version=&#8221;4.16&#8243; global_colors_info=&#8221;{}&#8221;][et_pb_blurb title=&#8221;Pass funivie&#8221; url=&#8221;https:\/\/www.skiworldahrntal.it\/it&#8221; url_new_window=&#8221;on&#8221; image=&#8221;https:\/\/app-talblick.it\/wp-content\/uploads\/2024\/02\/Skiworld-Ahrntal-Free.png&#8221; image_icon_width=&#8221;66%&#8221; icon_alignment=&#8221;left&#8221; image_icon_width_tablet=&#8221;&#8221; image_icon_width_phone=&#8221;40%&#8221; image_icon_width_last_edited=&#8221;on|phone&#8221; icon_alignment_tablet=&#8221;center&#8221; icon_alignment_phone=&#8221;left&#8221; icon_alignment_last_edited=&#8221;on|phone&#8221; _builder_version=&#8221;4.24.0&#8243; header_level=&#8221;h1&#8243; header_text_align=&#8221;left&#8221; global_colors_info=&#8221;{}&#8221;]<\/p>\n<p style=\"text-align: left;\"><strong>Pass funivie gratuito<\/strong>\u00a0per gli impianti di risalita a maggio e giugno per le aree sciistiche ed escursionistiche Speikboden e Klausberg.<\/p>\n<p>[\/et_pb_blurb][\/et_pb_column][et_pb_column type=&#8221;1_6&#8243; _builder_version=&#8221;4.16&#8243; global_colors_info=&#8221;{}&#8221;][et_pb_blurb title=&#8221;Trasporto&#8221; url=&#8221;https:\/\/www.sii.bz.it&#8221; url_new_window=&#8221;on&#8221; image=&#8221;https:\/\/app-talblick.it\/wp-content\/uploads\/2020\/06\/sii.png&#8221; icon_alignment=&#8221;left&#8221; image_icon_width_tablet=&#8221;&#8221; image_icon_width_phone=&#8221;55%&#8221; image_icon_width_last_edited=&#8221;on|phone&#8221; icon_alignment_tablet=&#8221;center&#8221; icon_alignment_phone=&#8221;left&#8221; icon_alignment_last_edited=&#8221;on|phone&#8221; _builder_version=&#8221;4.23.1&#8243; header_level=&#8221;h1&#8243; header_text_align=&#8221;left&#8221; custom_margin_tablet=&#8221;&#8221; custom_margin_phone=&#8221;50px||||false|false&#8221; custom_margin_last_edited=&#8221;on|phone&#8221; border_color_top_image=&#8221;RGBA(255,255,255,0)&#8221; border_color_bottom_image=&#8221;RGBA(255,255,255,0)&#8221; global_colors_info=&#8221;{}&#8221;]<\/p>\n<p style=\"text-align: left;\">Permette di utilizzare <strong>gratuitamente<\/strong> tutti i mezzi pubblici\u00a0 della rete Mobilit\u00e0 Alto Adige.<\/p>\n<p>[\/et_pb_blurb][\/et_pb_column][et_pb_column type=&#8221;1_6&#8243; _builder_version=&#8221;4.16&#8243; global_colors_info=&#8221;{}&#8221;][et_pb_blurb title=&#8221;Guest Pass museumobil&#8221; url=&#8221;https:\/\/www.kronplatz.com\/de\/bruneck\/planen-buchen\/mobilitaet-vor-ort\/holidaypass&#8221; url_new_window=&#8221;on&#8221; image=&#8221;http:\/\/app-talblick.it\/wp-content\/uploads\/2020\/06\/Holidaypass.png&#8221; icon_alignment=&#8221;left&#8221; image_icon_width_tablet=&#8221;&#8221; image_icon_width_phone=&#8221;50%&#8221; image_icon_width_last_edited=&#8221;on|phone&#8221; icon_alignment_tablet=&#8221;center&#8221; icon_alignment_phone=&#8221;left&#8221; icon_alignment_last_edited=&#8221;on|phone&#8221; _builder_version=&#8221;4.23.4&#8243; header_level=&#8221;h1&#8243; header_text_align=&#8221;left&#8221; custom_margin_tablet=&#8221;&#8221; custom_margin_phone=&#8221;50px||||false|false&#8221; custom_margin_last_edited=&#8221;on|phone&#8221; global_colors_info=&#8221;{}&#8221;]<\/p>\n<p style=\"text-align: left;\">Ingresso gratuito in oltre <strong>80 musei<\/strong> dell\u2019Alto Adige e un ricco programma settimanale con sconti.<\/p>\n<p>[\/et_pb_blurb][\/et_pb_column][et_pb_column type=&#8221;1_6&#8243; _builder_version=&#8221;4.16&#8243; global_colors_info=&#8221;{}&#8221;][et_pb_blurb title=&#8221;Outdoor-Sauna&#8221; url_new_window=&#8221;on&#8221; image=&#8221;https:\/\/app-talblick.it\/wp-content\/uploads\/2023\/12\/Sauna-Talblick.png&#8221; image_icon_width=&#8221;45%&#8221; icon_alignment=&#8221;left&#8221; image_icon_width_tablet=&#8221;&#8221; image_icon_width_phone=&#8221;25%&#8221; image_icon_width_last_edited=&#8221;on|phone&#8221; icon_alignment_tablet=&#8221;center&#8221; icon_alignment_phone=&#8221;left&#8221; icon_alignment_last_edited=&#8221;on|phone&#8221; _builder_version=&#8221;4.23.4&#8243; header_level=&#8221;h1&#8243; header_text_align=&#8221;left&#8221; custom_margin_tablet=&#8221;&#8221; custom_margin_phone=&#8221;50px||||false|false&#8221; custom_margin_last_edited=&#8221;on|phone&#8221; global_colors_info=&#8221;{}&#8221;]<\/p>\n<p style=\"text-align: left;\">I nostri ospiti possono prenotare la nostra <strong>sauna finlandese all&#8217;aperto<\/strong> per un supplemento.<\/p>\n<p>[\/et_pb_blurb][\/et_pb_column][et_pb_column type=&#8221;1_6&#8243; _builder_version=&#8221;4.16&#8243; global_colors_info=&#8221;{}&#8221;][et_pb_blurb title=&#8221;Erboristeria&#8221; url_new_window=&#8221;on&#8221; image=&#8221;https:\/\/app-talblick.it\/wp-content\/uploads\/2023\/12\/Kraeuter.png&#8221; image_icon_width=&#8221;74%&#8221; icon_alignment=&#8221;left&#8221; image_icon_width_tablet=&#8221;&#8221; image_icon_width_phone=&#8221;60%&#8221; image_icon_width_last_edited=&#8221;on|phone&#8221; icon_alignment_tablet=&#8221;left&#8221; icon_alignment_phone=&#8221;left&#8221; icon_alignment_last_edited=&#8221;on|phone&#8221; _builder_version=&#8221;4.23.4&#8243; header_level=&#8221;h1&#8243; header_text_align=&#8221;left&#8221; custom_margin_tablet=&#8221;&#8221; custom_margin_phone=&#8221;50px||||false|false&#8221; custom_margin_last_edited=&#8221;on|phone&#8221; border_width_top_image=&#8221;9px&#8221; border_color_top_image=&#8221;RGBA(255,255,255,0)&#8221; border_width_bottom_image=&#8221;9px&#8221; border_color_bottom_image=&#8221;RGBA(255,255,255,0)&#8221; global_colors_info=&#8221;{}&#8221;]<\/p>\n<p style=\"text-align: left;\">Tisane, sali, unguenti e incensi alle erbe.<br \/>\nSu prenotazione: <strong>tour delle erbe<\/strong> con Maria<\/p>\n<p>[\/et_pb_blurb][\/et_pb_column][et_pb_column type=&#8221;1_6&#8243; _builder_version=&#8221;4.16&#8243; global_colors_info=&#8221;{}&#8221;][et_pb_blurb title=&#8221;Biancheria&#8221; image=&#8221;https:\/\/app-talblick.it\/wp-content\/uploads\/2023\/12\/Handtuecher.png&#8221; image_icon_width=&#8221;30%&#8221; icon_alignment=&#8221;left&#8221; image_icon_width_tablet=&#8221;&#8221; image_icon_width_phone=&#8221;22%&#8221; image_icon_width_last_edited=&#8221;on|phone&#8221; icon_alignment_tablet=&#8221;left&#8221; icon_alignment_phone=&#8221;left&#8221; icon_alignment_last_edited=&#8221;on|phone&#8221; _builder_version=&#8221;4.23.4&#8243; header_level=&#8221;h1&#8243; header_text_align=&#8221;left&#8221; custom_margin_tablet=&#8221;&#8221; custom_margin_phone=&#8221;50px||||false|false&#8221; custom_margin_last_edited=&#8221;on|phone&#8221; border_width_top_image=&#8221;17px&#8221; border_color_top_image=&#8221;RGBA(255,255,255,0)&#8221; border_width_bottom_image=&#8221;11px&#8221; border_color_bottom_image=&#8221;RGBA(255,255,255,0)&#8221; global_colors_info=&#8221;{}&#8221;]<\/p>\n<p style=\"text-align: left;\">Vi <strong>forniamo la biancheria<\/strong> per la camera, il bagno e la cucina.<\/p>\n<p>[\/et_pb_blurb][\/et_pb_column][\/et_pb_row][\/et_pb_section][et_pb_section fb_built=&#8221;1&#8243; admin_label=&#8221;section&#8221; _builder_version=&#8221;4.16&#8243; background_color=&#8221;rgba(0,0,0,0)&#8221; global_colors_info=&#8221;{}&#8221;][et_pb_row column_structure=&#8221;1_3,2_3&#8243; admin_label=&#8221;row&#8221; _builder_version=&#8221;4.16&#8243; background_size=&#8221;initial&#8221; background_position=&#8221;top_left&#8221; background_repeat=&#8221;repeat&#8221; global_colors_info=&#8221;{}&#8221;][et_pb_column type=&#8221;1_3&#8243; _builder_version=&#8221;4.16&#8243; custom_padding=&#8221;|||&#8221; global_colors_info=&#8221;{}&#8221; custom_padding__hover=&#8221;|||&#8221;][et_pb_text admin_label=&#8221;Text&#8221; _builder_version=&#8221;4.23.4&#8243; header_2_font_size=&#8221;45px&#8221; background_size=&#8221;initial&#8221; background_position=&#8221;top_left&#8221; background_repeat=&#8221;repeat&#8221; custom_margin=&#8221;||13px|||&#8221; global_colors_info=&#8221;{}&#8221;]<\/p>\n<h2 style=\"text-align: left;\">In Estate<\/h2>\n<p style=\"text-align: left;\">La struttura \u00a0apart-chalet Talblick \u00e8 posizionata direttamente sul sentiero \u201eSunnsat\u201c ed \u00e8 cos\u00ec il punto di partenza per tanti escursioni.<\/p>\n<p style=\"text-align: left;\">\u00a0<\/p>\n<p>[\/et_pb_text][et_pb_button button_url=&#8221;https:\/\/www.sentres.com\/it\/valli-di-tures-e-aurina\/escursionismo&#8221; url_new_window=&#8221;on&#8221; button_text=&#8221;Clicca qui per le escursioni&#8221; button_alignment=&#8221;left&#8221; _builder_version=&#8221;4.23.4&#8243; custom_button=&#8221;on&#8221; button_text_size=&#8221;17px&#8221; button_text_color=&#8221;#ffffff&#8221; button_bg_color=&#8221;#cf989e&#8221; button_border_width=&#8221;0px&#8221; button_border_radius=&#8221;5px&#8221; custom_margin=&#8221;||40px|||&#8221; global_colors_info=&#8221;{}&#8221;][\/et_pb_button][\/et_pb_column][et_pb_column type=&#8221;2_3&#8243; _builder_version=&#8221;4.16&#8243; custom_padding=&#8221;|||&#8221; global_colors_info=&#8221;{}&#8221; custom_padding__hover=&#8221;|||&#8221;][et_pb_gallery gallery_ids=&#8221;865,866,867,870,862&#8243; fullwidth=&#8221;on&#8221; _builder_version=&#8221;4.16&#8243; background_layout=&#8221;dark&#8221; width=&#8221;100%&#8221; max_width=&#8221;100%&#8221; animation_style=&#8221;slide&#8221; animation_intensity_slide=&#8221;10%&#8221; auto=&#8221;on&#8221; global_colors_info=&#8221;{}&#8221;][\/et_pb_gallery][\/et_pb_column][\/et_pb_row][\/et_pb_section][et_pb_section fb_built=&#8221;1&#8243; admin_label=&#8221;section&#8221; _builder_version=&#8221;4.16&#8243; background_color=&#8221;rgba(0,0,0,0)&#8221; global_colors_info=&#8221;{}&#8221;][et_pb_row column_structure=&#8221;1_3,2_3&#8243; disabled_on=&#8221;off|off|on&#8221; admin_label=&#8221;row&#8221; _builder_version=&#8221;4.23.4&#8243; background_size=&#8221;initial&#8221; background_position=&#8221;top_left&#8221; background_repeat=&#8221;repeat&#8221; global_colors_info=&#8221;{}&#8221;][et_pb_column type=&#8221;1_3&#8243; _builder_version=&#8221;4.16&#8243; custom_padding=&#8221;|||&#8221; global_colors_info=&#8221;{}&#8221; custom_padding__hover=&#8221;|||&#8221;][et_pb_text admin_label=&#8221;Text&#8221; _builder_version=&#8221;4.23.4&#8243; header_2_font_size=&#8221;45px&#8221; background_size=&#8221;initial&#8221; background_position=&#8221;top_left&#8221; background_repeat=&#8221;repeat&#8221; custom_margin=&#8221;||13px|||&#8221; global_colors_info=&#8221;{}&#8221;]<\/p>\n<h2 style=\"text-align: left;\">In inverno<\/h2>\n<p style=\"text-align: left;\">Per chi pratica lo <strong>sci alpino<\/strong> gli impianti sciistici di \u201eSpeikboden\u201c e \u201eKlausberg\u201c sono a 4 e 6 km di distanza. Per lo <strong>sci di fondo<\/strong> si pu\u00f2 scegliere tra 3 diverse piste nell\u2019intera Valle Aurina. Chi invece vuole camminare sulla neve con le <strong>ciaspole<\/strong> o fare <strong>sci alpinismo<\/strong> pu\u00f2 effettuare delle escursioni fino a 3.400 metri di quota.\u00a0 La pista per <strong>slittini<\/strong> illuminata di Rio Bianco \u00e8 poi un&#8217;attrazione sia per i grandi che per i piccini.<\/p>\n<p>[\/et_pb_text][\/et_pb_column][et_pb_column type=&#8221;2_3&#8243; _builder_version=&#8221;4.16&#8243; custom_padding=&#8221;|||&#8221; global_colors_info=&#8221;{}&#8221; custom_padding__hover=&#8221;|||&#8221;][et_pb_gallery gallery_ids=&#8221;873,864,863&#8243; fullwidth=&#8221;on&#8221; _builder_version=&#8221;4.16&#8243; background_layout=&#8221;dark&#8221; width=&#8221;100%&#8221; max_width=&#8221;100%&#8221; animation_style=&#8221;slide&#8221; animation_intensity_slide=&#8221;10%&#8221; auto=&#8221;on&#8221; global_colors_info=&#8221;{}&#8221;][\/et_pb_gallery][\/et_pb_column][\/et_pb_row][et_pb_row column_structure=&#8221;2_3,1_3&#8243; disabled_on=&#8221;on|on|off&#8221; admin_label=&#8221;row&#8221; _builder_version=&#8221;4.23.4&#8243; background_size=&#8221;initial&#8221; background_position=&#8221;top_left&#8221; background_repeat=&#8221;repeat&#8221; global_colors_info=&#8221;{}&#8221;][et_pb_column type=&#8221;2_3&#8243; _builder_version=&#8221;4.16&#8243; custom_padding=&#8221;|||&#8221; global_colors_info=&#8221;{}&#8221; custom_padding__hover=&#8221;|||&#8221;][et_pb_gallery gallery_ids=&#8221;873,864,863&#8243; fullwidth=&#8221;on&#8221; _builder_version=&#8221;4.16&#8243; background_layout=&#8221;dark&#8221; width=&#8221;100%&#8221; max_width=&#8221;100%&#8221; animation_style=&#8221;slide&#8221; animation_intensity_slide=&#8221;10%&#8221; auto=&#8221;on&#8221; global_colors_info=&#8221;{}&#8221;][\/et_pb_gallery][\/et_pb_column][et_pb_column type=&#8221;1_3&#8243; _builder_version=&#8221;4.16&#8243; custom_padding=&#8221;|||&#8221; global_colors_info=&#8221;{}&#8221; custom_padding__hover=&#8221;|||&#8221;][et_pb_text admin_label=&#8221;Text&#8221; _builder_version=&#8221;4.23.4&#8243; header_2_font_size=&#8221;45px&#8221; background_size=&#8221;initial&#8221; background_position=&#8221;top_left&#8221; background_repeat=&#8221;repeat&#8221; custom_margin=&#8221;||13px|||&#8221; global_colors_info=&#8221;{}&#8221;]<\/p>\n<h2 style=\"text-align: left;\">In inverno<\/h2>\n<p style=\"text-align: left;\">Per chi pratica lo <strong>sci alpino<\/strong> gli impianti sciistici di \u201eSpeikboden\u201c e \u201eKlausberg\u201c sono a 4 e 6 km di distanza. Per lo <strong>sci di fondo<\/strong> si pu\u00f2 scegliere tra 3 diverse piste nell\u2019intera Valle Aurina. Chi invece vuole camminare sulla neve con le <strong>ciaspole<\/strong> o fare <strong>sci alpinismo<\/strong> pu\u00f2 effettuare delle escursioni fino a 3.400 metri di quota.\u00a0 La pista per <strong>slittini<\/strong> illuminata di Rio Bianco \u00e8 poi un&#8217;attrazione sia per i grandi che per i piccini.<\/p>\n<p>[\/et_pb_text][\/et_pb_column][\/et_pb_row][\/et_pb_section][et_pb_section fb_built=&#8221;1&#8243; _builder_version=&#8221;4.16&#8243; background_color=&#8221;rgba(0,0,0,0)&#8221; global_colors_info=&#8221;{}&#8221;][et_pb_row _builder_version=&#8221;4.16&#8243; global_colors_info=&#8221;{}&#8221;][et_pb_column type=&#8221;4_4&#8243; _builder_version=&#8221;4.16&#8243; global_colors_info=&#8221;{}&#8221;][et_pb_text _builder_version=&#8221;4.16&#8243; _dynamic_attributes=&#8221;link_option_url&#8221; background_color=&#8221;#cf989e&#8221; background_layout=&#8221;dark&#8221; width=&#8221;330px&#8221; module_alignment=&#8221;center&#8221; custom_padding=&#8221;15px||15px||false|false&#8221; animation_style=&#8221;slide&#8221; animation_intensity_slide=&#8221;10%&#8221; link_option_url=&#8221;@ET-DC@eyJkeW5hbWljIjp0cnVlLCJjb250ZW50IjoicG9zdF9saW5rX3VybF9wYWdlIiwic2V0dGluZ3MiOnsicG9zdF9pZCI6IjUyOSJ9fQ==@&#8221; border_radii=&#8221;on|10px|10px|10px|10px&#8221; global_colors_info=&#8221;{}&#8221;]<\/p>\n<p style=\"text-align: center;\">ALLA RICHIESTA<\/p>\n<p>[\/et_pb_text][\/et_pb_column][\/et_pb_row][\/et_pb_section]<\/p>\n","protected":false},"excerpt":{"rendered":"<p>Non c&#8217;\u00e8 nulla di cos\u00ec piccolo e insignificante , che non possa entusiasmare. Friedrich H\u00f6lderlin &nbsp; &nbsp;HighlightI nostri dintorni hanno molto da offrire, quindi prendi la tua bicicletta e parti per un viaggio di scoperta.Scopri la Valle dell\u2019Aurina, scopri l&#8217;Alto Adige! L\u2019appart-chalet offre la vista sulla Valle si trova direttamente sul sentiero del sole della [&hellip;]<\/p>\n","protected":false},"author":1,"featured_media":0,"parent":0,"menu_order":70,"comment_status":"closed","ping_status":"closed","template":"","meta":{"_et_pb_use_builder":"on","_et_pb_old_content":"","_et_gb_content_width":"","footnotes":""},"class_list":["post-1084","page","type-page","status-publish","hentry"],"_links":{"self":[{"href":"https:\/\/app-talblick.it\/it\/wp-json\/wp\/v2\/pages\/1084","targetHints":{"allow":["GET"]}}],"collection":[{"href":"https:\/\/app-talblick.it\/it\/wp-json\/wp\/v2\/pages"}],"about":[{"href":"https:\/\/app-talblick.it\/it\/wp-json\/wp\/v2\/types\/page"}],"author":[{"embeddable":true,"href":"https:\/\/app-talblick.it\/it\/wp-json\/wp\/v2\/users\/1"}],"replies":[{"embeddable":true,"href":"https:\/\/app-talblick.it\/it\/wp-json\/wp\/v2\/comments?post=1084"}],"version-history":[{"count":27,"href":"https:\/\/app-talblick.it\/it\/wp-json\/wp\/v2\/pages\/1084\/revisions"}],"predecessor-version":[{"id":3435,"href":"https:\/\/app-talblick.it\/it\/wp-json\/wp\/v2\/pages\/1084\/revisions\/3435"}],"wp:attachment":[{"href":"https:\/\/app-talblick.it\/it\/wp-json\/wp\/v2\/media?parent=1084"}],"curies":[{"name":"wp","href":"https:\/\/api.w.org\/{rel}","templated":true}]}}